{"id":728,"date":"2025-06-14T13:46:28","date_gmt":"2025-06-14T12:46:28","guid":{"rendered":"http:\/\/www.vmkydre.se\/?page_id=728"},"modified":"2025-06-15T18:32:03","modified_gmt":"2025-06-15T17:32:03","slug":"videoklipp-8","status":"publish","type":"page","link":"https:\/\/www.vmkydre.se\/?page_id=728","title":{"rendered":"Videoklipp"},"content":{"rendered":"<h2 style=\"text-align: center;\">Invigningen av klubbens nya museer<\/h2>\n<div style=\"width: 640px;\" class=\"wp-video\"><video class=\"wp-video-shortcode\" id=\"video-728-1\" width=\"640\" height=\"360\" preload=\"metadata\" controls=\"controls\"><source type=\"video\/mp4\" src=\"https:\/\/www.vmkydre.se\/wp-content\/uploads\/2025\/06\/Invigning-med-Eksjo-Musikkar-och-Anders-Andersson-som-talare-\u2013-.mp4?_=1\" \/><a href=\"https:\/\/www.vmkydre.se\/wp-content\/uploads\/2025\/06\/Invigning-med-Eksjo-Musikkar-och-Anders-Andersson-som-talare-\u2013-.mp4\">https:\/\/www.vmkydre.se\/wp-content\/uploads\/2025\/06\/Invigning-med-Eksjo-Musikkar-och-Anders-Andersson-som-talare-\u2013-.mp4<\/a><\/video><\/div>\n<div style=\"width: 640px;\" class=\"wp-video\"><video class=\"wp-video-shortcode\" id=\"video-728-2\" width=\"640\" height=\"361\" preload=\"metadata\" controls=\"controls\"><source type=\"video\/mp4\" src=\"https:\/\/www.vmkydre.se\/wp-content\/uploads\/2025\/06\/Olle-Hjelmquist-berattar-om-Stiga-\u2013-Gjord-med-Clipchamp.mp4?_=2\" \/><a href=\"https:\/\/www.vmkydre.se\/wp-content\/uploads\/2025\/06\/Olle-Hjelmquist-berattar-om-Stiga-\u2013-Gjord-med-Clipchamp.mp4\">https:\/\/www.vmkydre.se\/wp-content\/uploads\/2025\/06\/Olle-Hjelmquist-berattar-om-Stiga-\u2013-Gjord-med-Clipchamp.mp4<\/a><\/video><\/div>\n<div style=\"width: 640px;\" class=\"wp-video\"><video class=\"wp-video-shortcode\" id=\"video-728-3\" width=\"640\" height=\"361\" preload=\"metadata\" controls=\"controls\"><source type=\"video\/mp4\" src=\"https:\/\/www.vmkydre.se\/wp-content\/uploads\/2025\/06\/Jorgen-Wagenberg-berattar-om-sina-pahangsmotorer-\u2013-Gjord-med-Clipchamp.mp4?_=3\" \/><a href=\"https:\/\/www.vmkydre.se\/wp-content\/uploads\/2025\/06\/Jorgen-Wagenberg-berattar-om-sina-pahangsmotorer-\u2013-Gjord-med-Clipchamp.mp4\">https:\/\/www.vmkydre.se\/wp-content\/uploads\/2025\/06\/Jorgen-Wagenberg-berattar-om-sina-pahangsmotorer-\u2013-Gjord-med-Clipchamp.mp4<\/a><\/video><\/div>\n<p>&nbsp;<\/p>\n<div style=\"width: 640px;\" class=\"wp-video\"><video class=\"wp-video-shortcode\" id=\"video-728-4\" width=\"640\" height=\"360\" preload=\"metadata\" controls=\"controls\"><source type=\"video\/mp4\" src=\"https:\/\/www.vmkydre.se\/wp-content\/uploads\/2025\/06\/Klipper-invignigsbanden-\u2013-Gjord-med-Clipchamp.mp4?_=4\" \/><a href=\"https:\/\/www.vmkydre.se\/wp-content\/uploads\/2025\/06\/Klipper-invignigsbanden-\u2013-Gjord-med-Clipchamp.mp4\">https:\/\/www.vmkydre.se\/wp-content\/uploads\/2025\/06\/Klipper-invignigsbanden-\u2013-Gjord-med-Clipchamp.mp4<\/a><\/video><\/div>\n<h2>&nbsp;<\/h2>\n<h2 style=\"text-align: center;\">Se jungfruf\u00e4rden med Veines &#8221;Skakfyra&#8221; fr\u00e5n 40-talet<\/h2>\n<div style=\"width: 640px;\" class=\"wp-video\"><video class=\"wp-video-shortcode\" id=\"video-728-5\" width=\"640\" height=\"360\" preload=\"metadata\" controls=\"controls\"><source type=\"video\/mp4\" src=\"https:\/\/www.vmkydre.se\/wp-content\/uploads\/2022\/06\/Vaghyvel-pa-jungfrufard-3.mp4?_=5\" \/><a href=\"https:\/\/www.vmkydre.se\/wp-content\/uploads\/2022\/06\/Vaghyvel-pa-jungfrufard-3.mp4\">https:\/\/www.vmkydre.se\/wp-content\/uploads\/2022\/06\/Vaghyvel-pa-jungfrufard-3.mp4<\/a><\/video><\/div>\n<h3>Sedan i h\u00f6stas har Veine Jonsson och hans medhj\u00e4lpare h\u00e5llit p\u00e5 att renovera hans gamla Svedalav\u00e4ghyvel, en &#8221;Skakfyra&#8221; i klubbens verkstad. Trots att den st\u00e5tt stilla i 40-50 \u00e5r gick motorn, en Scaniafyra, ig\u00e5ng som den var medan allt annat har kr\u00e4vt en hel del arbete som resulterat i \u00e4nnu en vacker gammal maskin i museet.<\/h3>\n<p>&nbsp;<\/p>\n<h2><strong>Bildspel: Jubileumskv\u00e4ll med bl a Trio Me\u00b4 Bumba<\/strong><\/h2>\n<div style=\"width: 640px;\" class=\"wp-video\"><video class=\"wp-video-shortcode\" id=\"video-728-6\" width=\"640\" height=\"480\" preload=\"metadata\" controls=\"controls\"><source type=\"video\/mp4\" src=\"https:\/\/www.vmkydre.se\/wp-content\/uploads\/2021\/09\/Jubileumskv\u00e4ll1.mp4?_=6\" \/><a href=\"https:\/\/www.vmkydre.se\/wp-content\/uploads\/2021\/09\/Jubileumskv\u00e4ll1.mp4\">https:\/\/www.vmkydre.se\/wp-content\/uploads\/2021\/09\/Jubileumskv\u00e4ll1.mp4<\/a><\/video><\/div>\n<h2><strong>S\u00e5gning av virke till klubbens nya byggprojekt<\/strong><\/h2>\n<p>Filmat av Stig Johansson<\/p>\n<div style=\"width: 368px;\" class=\"wp-video\"><video class=\"wp-video-shortcode\" id=\"video-728-7\" width=\"368\" height=\"656\" preload=\"metadata\" controls=\"controls\"><source type=\"video\/mp4\" src=\"https:\/\/www.vmkydre.se\/wp-content\/uploads\/2021\/08\/VMKY-S\u00e5gning-filmat-av-Stig-Johansson.mp4?_=7\" \/><a href=\"https:\/\/www.vmkydre.se\/wp-content\/uploads\/2021\/08\/VMKY-S\u00e5gning-filmat-av-Stig-Johansson.mp4\">https:\/\/www.vmkydre.se\/wp-content\/uploads\/2021\/08\/VMKY-S\u00e5gning-filmat-av-Stig-Johansson.mp4<\/a><\/video><\/div>\n<h2 style=\"text-align: left;\"><strong>H\u00e5kan Lindgren och Mikael Karlsson <\/strong><\/h2>\n<h2 style=\"text-align: left;\"><strong>hyvlar takstickor till R\u00e5s.<\/strong><\/h2>\n<h3 style=\"text-align: left;\">Filmat av Stig Johansson<\/h3>\n<div style=\"width: 368px;\" class=\"wp-video\"><video class=\"wp-video-shortcode\" id=\"video-728-8\" width=\"368\" height=\"656\" preload=\"metadata\" controls=\"controls\"><source type=\"video\/mp4\" src=\"https:\/\/www.vmkydre.se\/wp-content\/uploads\/2021\/08\/Hyvling-av-takstickor-filmat-av-Stig-Johansson.mp4?_=8\" \/><a href=\"https:\/\/www.vmkydre.se\/wp-content\/uploads\/2021\/08\/Hyvling-av-takstickor-filmat-av-Stig-Johansson.mp4\">https:\/\/www.vmkydre.se\/wp-content\/uploads\/2021\/08\/Hyvling-av-takstickor-filmat-av-Stig-Johansson.mp4<\/a><\/video><\/div>\n<h2>&nbsp;<\/h2>\n<h2>&nbsp;<\/h2>\n<h2 class=\"western\" style=\"text-align: center;\"><strong>Ett framtida projekt f\u00f6r klubben ?<\/strong><\/h2>\n<p><span style=\"color: #000000;\">\u00d6nskem\u00e5l finns hos pelletsfabrikens \u00e4gare att klubben tar hand om den gamla \u00e5ngmaskinen\/generatorn som en g\u00e5ng drev Forsn\u00e4s s\u00e5g.<\/span><\/p>\n<p><span style=\"color: #000000;\">&#8211; Det \u00e4r onekligen ett hedersamt uppdrag som skulle vara roligt att genomf\u00f6ra. Men det kr\u00e4ver att finansieringen g\u00e5r att l\u00f6sa, s\u00e4ger ordf\u00f6randen H\u00e5kan Lindgren, tackasam f\u00f6r alla f\u00f6rslag.<\/span><\/p>\n<div style=\"width: 640px;\" class=\"wp-video\"><video class=\"wp-video-shortcode\" id=\"video-728-9\" width=\"640\" height=\"360\" preload=\"metadata\" controls=\"controls\"><source type=\"video\/mp4\" src=\"https:\/\/www.vmkydre.se\/wp-content\/uploads\/2020\/11\/Forsn\u00e4s-S\u00e5gs-\u00c5ngmaskin.mp4?_=9\" \/><a href=\"https:\/\/www.vmkydre.se\/wp-content\/uploads\/2020\/11\/Forsn\u00e4s-S\u00e5gs-\u00c5ngmaskin.mp4\">https:\/\/www.vmkydre.se\/wp-content\/uploads\/2020\/11\/Forsn\u00e4s-S\u00e5gs-\u00c5ngmaskin.mp4<\/a><\/video><\/div>\n<h2 align=\"CENTER\">&nbsp;<\/h2>\n<h2 class=\"western\" align=\"CENTER\"><b>S\u00e4songsfinal 2020 med v\u00e4lbekanta ljud<\/b><\/h2>\n<p>L\u00f6rdagens s\u00e4songsfinal lockade en hel del intresserade bes\u00f6kare&nbsp; som p\u00e5 plats kunde f\u00e5 se och h\u00f6ra flera av klubbens maskiner i drift. Inne i utst\u00e4llningshallens kunde man fika till v\u00e4lk\u00e4nda dragspelstoner framf\u00f6rda av Alexander Hillmarker. D\u00e4r fanns \u00e4ven Jan Johansson som visade sina skalenliga traktormodeller. Utanf\u00f6r h\u00f6rdes ocks\u00e5 v\u00e4lbekanta ljud n\u00e4r medlemmar i klubben s\u00e5g till att g\u00e5 ig\u00e5ng motstr\u00e4viga t\u00e4ndkulemotorer. En rundtur efter taktor uppskattades ocks\u00e5 av bes\u00f6karna.<\/p>\n<div style=\"width: 640px;\" class=\"wp-video\"><video class=\"wp-video-shortcode\" id=\"video-728-10\" width=\"640\" height=\"427\" preload=\"metadata\" controls=\"controls\"><source type=\"video\/mp4\" src=\"https:\/\/www.vmkydre.se\/wp-content\/uploads\/2020\/09\/S\u00e4sonsavslutning-2020-2.mp4?_=10\" \/><a href=\"https:\/\/www.vmkydre.se\/wp-content\/uploads\/2020\/09\/S\u00e4sonsavslutning-2020-2.mp4\">https:\/\/www.vmkydre.se\/wp-content\/uploads\/2020\/09\/S\u00e4sonsavslutning-2020-2.mp4<\/a><\/video><\/div>\n<h1>&nbsp;<\/h1>\n<h1 style=\"text-align: center;\">Ny g\u00e4rdsg\u00e5rd p\u00e5 Ukreda<\/h1>\n<p>Gunnar, H\u00e5kan och Stig h\u00e4gnar ny g\u00e4rdsg\u00e5rd.<\/p>\n<div style=\"width: 640px;\" class=\"wp-video\"><video class=\"wp-video-shortcode\" id=\"video-728-11\" width=\"640\" height=\"427\" preload=\"metadata\" controls=\"controls\"><source type=\"video\/mp4\" src=\"https:\/\/www.vmkydre.se\/wp-content\/uploads\/2020\/06\/Ny-g\u00e4rdsg\u00e5rd-p\u00e5-Ukreda.mp4?_=11\" \/><a href=\"https:\/\/www.vmkydre.se\/wp-content\/uploads\/2020\/06\/Ny-g\u00e4rdsg\u00e5rd-p\u00e5-Ukreda.mp4\">https:\/\/www.vmkydre.se\/wp-content\/uploads\/2020\/06\/Ny-g\u00e4rdsg\u00e5rd-p\u00e5-Ukreda.mp4<\/a><\/video><\/div>\n<h2>&nbsp;<\/h2>\n<h2>&nbsp;<\/h2>\n<h2 style=\"text-align: center;\">Veines t\u00e4ndkulemotor testas<\/h2>\n<div style=\"width: 640px;\" class=\"wp-video\"><video class=\"wp-video-shortcode\" id=\"video-728-12\" width=\"640\" height=\"427\" preload=\"metadata\" controls=\"controls\"><source type=\"video\/mp4\" src=\"https:\/\/www.vmkydre.se\/wp-content\/uploads\/2020\/06\/Veines-t\u00e4ndkulemotor-testas.mp4?_=12\" \/><a href=\"https:\/\/www.vmkydre.se\/wp-content\/uploads\/2020\/06\/Veines-t\u00e4ndkulemotor-testas.mp4\">https:\/\/www.vmkydre.se\/wp-content\/uploads\/2020\/06\/Veines-t\u00e4ndkulemotor-testas.mp4<\/a><\/video><\/div>\n<h2>&nbsp;<\/h2>\n<h2>&nbsp;<\/h2>\n<h2 style=\"text-align: center;\">Klubbens Luciat\u00e5g 2019<\/h2>\n<div style=\"width: 640px;\" class=\"wp-video\"><video class=\"wp-video-shortcode\" id=\"video-728-13\" width=\"640\" height=\"427\" preload=\"metadata\" controls=\"controls\"><source type=\"video\/mp4\" src=\"https:\/\/www.vmkydre.se\/wp-content\/uploads\/2019\/12\/VMK-Ydres-Luciat\u00e5g-2019.mp4?_=13\" \/><a href=\"https:\/\/www.vmkydre.se\/wp-content\/uploads\/2019\/12\/VMK-Ydres-Luciat\u00e5g-2019.mp4\">https:\/\/www.vmkydre.se\/wp-content\/uploads\/2019\/12\/VMK-Ydres-Luciat\u00e5g-2019.mp4<\/a><\/video><\/div>\n<h1 style=\"text-align: center;\">S\u00e4songsavslutning 2018<\/h1>\n<div>&nbsp;<\/div>\n<div style=\"width: 640px;\" class=\"wp-video\"><video class=\"wp-video-shortcode\" id=\"video-728-14\" width=\"640\" height=\"480\" preload=\"metadata\" controls=\"controls\"><source type=\"video\/mp4\" src=\"https:\/\/www.vmkydre.se\/wp-content\/uploads\/2018\/08\/S\u00e4songsavslutning-2018.mp4?_=14\" \/><a href=\"https:\/\/www.vmkydre.se\/wp-content\/uploads\/2018\/08\/S\u00e4songsavslutning-2018.mp4\">https:\/\/www.vmkydre.se\/wp-content\/uploads\/2018\/08\/S\u00e4songsavslutning-2018.mp4<\/a><\/video><\/div>\n<p style=\"text-align: center;\">Under klubbens s\u00e4songsavslutning 1-2 sept bj\u00f6ds den p\u00e5 m\u00e5nga olika sorters motorljud<\/p>\n<h2>&nbsp;<\/h2>\n<h2>&nbsp;<\/h2>\n<h2>&nbsp;<\/h2>\n<h2 style=\"text-align: center;\">YM i pl\u00f6jning 2017<\/h2>\n<div style=\"width: 640px;\" class=\"wp-video\"><video class=\"wp-video-shortcode\" id=\"video-728-15\" width=\"640\" height=\"480\" preload=\"metadata\" controls=\"controls\"><source type=\"video\/mp4\" src=\"https:\/\/www.vmkydre.se\/wp-content\/uploads\/2017\/09\/YM-2017.mp4?_=15\" \/><a href=\"https:\/\/www.vmkydre.se\/wp-content\/uploads\/2017\/09\/YM-2017.mp4\">https:\/\/www.vmkydre.se\/wp-content\/uploads\/2017\/09\/YM-2017.mp4<\/a><\/video><\/div>\n<div style=\"width: 640px;\" class=\"wp-video\"><video class=\"wp-video-shortcode\" id=\"video-728-16\" width=\"640\" height=\"366\" preload=\"metadata\" controls=\"controls\"><source type=\"video\/mp4\" src=\"https:\/\/www.vmkydre.se\/wp-content\/uploads\/2016\/06\/4021194.mp4?_=16\" \/><a href=\"https:\/\/www.vmkydre.se\/wp-content\/uploads\/2016\/06\/4021194.mp4\">https:\/\/www.vmkydre.se\/wp-content\/uploads\/2016\/06\/4021194.mp4<\/a><\/video><\/div>\n<p><strong>Correns videoreportage om H\u00f6nsbytardagen<\/strong><\/p>\n<div style=\"width: 640px;\" class=\"wp-video\"><video class=\"wp-video-shortcode\" id=\"video-728-17\" width=\"640\" height=\"352\" preload=\"metadata\" controls=\"controls\"><source type=\"video\/mp4\" src=\"https:\/\/www.vmkydre.se\/wp-content\/uploads\/2015\/11\/VID-20150918-WA00001.mp4?_=17\" \/><a href=\"https:\/\/www.vmkydre.se\/wp-content\/uploads\/2015\/11\/VID-20150918-WA00001.mp4\">https:\/\/www.vmkydre.se\/wp-content\/uploads\/2015\/11\/VID-20150918-WA00001.mp4<\/a><\/video><\/div>\n<p><strong>Bes\u00f6k fr\u00e5n Visings\u00f6<\/strong><\/p>\n<div style=\"width: 640px;\" class=\"wp-video\"><video class=\"wp-video-shortcode\" id=\"video-728-18\" width=\"640\" height=\"480\" preload=\"metadata\" controls=\"controls\"><source type=\"video\/mp4\" src=\"https:\/\/www.vmkydre.se\/wp-content\/uploads\/2015\/09\/YM-1-2015-MP4-2.mp4?_=18\" \/><a href=\"https:\/\/www.vmkydre.se\/wp-content\/uploads\/2015\/09\/YM-1-2015-MP4-2.mp4\">https:\/\/www.vmkydre.se\/wp-content\/uploads\/2015\/09\/YM-1-2015-MP4-2.mp4<\/a><\/video><\/div>\n<p><strong>YM i pl\u00f6jning 2015<\/strong><\/p>\n<p style=\"text-align: center;\">&nbsp; &nbsp;<iframe loading=\"lazy\" src=\"https:\/\/www.youtube.com\/embed\/L__PJwcM5gA\" width=\"560\" height=\"315\" frameborder=\"0\" allowfullscreen=\"allowfullscreen\"><\/iframe><\/p>\n<p>&nbsp; &nbsp; &nbsp; &nbsp; &nbsp; &nbsp;&nbsp;<iframe loading=\"lazy\" src=\"https:\/\/www.youtube.com\/embed\/xhbnEgUGQvE\" width=\"560\" height=\"315\" frameborder=\"0\" allowfullscreen=\"allowfullscreen\"><\/iframe><\/p>\n<p><iframe loading=\"lazy\" title=\"Forsn\u00e4s s\u00e5g\" width=\"640\" height=\"480\" src=\"https:\/\/www.youtube.com\/embed\/l3SkRNFijk4?feature=oembed\" frameborder=\"0\" allow=\"accelerometer; autoplay; clipboard-write; encrypted-media; gyroscope; picture-in-picture; web-share\" referrerpolicy=\"strict-origin-when-cross-origin\" allowfullscreen><\/iframe><\/p>\n<div id=\"watch-uploader-info\"><strong class=\"watch-time-text\">Laddades upp den 3 jan. 2012<\/strong><\/div>\n<div id=\"watch-description-text\" class=\"\">\n<p id=\"eow-description\" class=\"\">Filmat av Holger Karlsson. Redigerat av Patrik Karlsson.<br \/>\nForsn\u00e4s s\u00e5g \u00e4gdes av Gullringshus i Gullringen. Mycket av produktionen gick till hustillverkningen och \u00e4ven export. Holger Karlsson som filmat jobbade som f\u00f6rvaltare p\u00e5 s\u00e5gen. I filmen syns bland annat hur man lagrade virke i sj\u00f6n \u00d6stra L\u00e4gern, virkestorken och sorteringsbandet d\u00e4r man sorterade det s\u00e5gade virket efter olika kvalit\u00e9er.<br \/>\nEmanuel Fridlund syns i filmen f\u00f6rse barkmaskinen med timmer.<br \/>\nKarl Widlert och Karl Nilsson k\u00f6r fram timmerbuntar till s\u00e5gverket med b\u00e5ten Amanda.<br \/>\nWerner Svan arbetar i kantverket med att s\u00e5ga bort vankanter p\u00e5 br\u00e4derna.<br \/>\nS\u00f6ren V\u00e4stbom syns arbeta vid rams\u00e5gen.<br \/>\nI filmen syns ocks\u00e5 godst\u00e5get som gick mellan s\u00e5gen och Eksj\u00f6.<br \/>\nS\u00e5gverksf\u00f6rmannen Matti Koivisto syns g\u00e5 runt och inspektera uppbyggnaden av s\u00e5gverket efter branden.<br \/>\nSist i filmen syns Gullringshus helikopter landa vid s\u00e5gverket. Dom anst\u00e4llda bj\u00f6ds p\u00e5 en flygtur.<\/p>\n<\/div>\n","protected":false},"excerpt":{"rendered":"<p>Invigningen av klubbens nya museer &nbsp; &nbsp; Se jungfruf\u00e4rden med Veines &#8221;Skakfyra&#8221; fr\u00e5n 40-talet Sedan i h\u00f6stas har Veine Jonsson och hans medhj\u00e4lpare h\u00e5llit p\u00e5 att renovera hans gamla Svedalav\u00e4ghyvel, en &#8221;Skakfyra&#8221; i klubbens verkstad. Trots att den st\u00e5tt stilla &hellip; <a href=\"https:\/\/www.vmkydre.se\/?page_id=728\">Forts\u00e4tt l\u00e4sa <span class=\"meta-nav\">&rarr;<\/span><\/a><\/p>\n","protected":false},"author":1,"featured_media":0,"parent":0,"menu_order":0,"comment_status":"closed","ping_status":"closed","template":"","meta":{"ngg_post_thumbnail":0,"footnotes":""},"class_list":["post-728","page","type-page","status-publish","hentry"],"_links":{"self":[{"href":"https:\/\/www.vmkydre.se\/index.php?rest_route=\/wp\/v2\/pages\/728","targetHints":{"allow":["GET"]}}],"collection":[{"href":"https:\/\/www.vmkydre.se\/index.php?rest_route=\/wp\/v2\/pages"}],"about":[{"href":"https:\/\/www.vmkydre.se\/index.php?rest_route=\/wp\/v2\/types\/page"}],"author":[{"embeddable":true,"href":"https:\/\/www.vmkydre.se\/index.php?rest_route=\/wp\/v2\/users\/1"}],"replies":[{"embeddable":true,"href":"https:\/\/www.vmkydre.se\/index.php?rest_route=%2Fwp%2Fv2%2Fcomments&post=728"}],"version-history":[{"count":30,"href":"https:\/\/www.vmkydre.se\/index.php?rest_route=\/wp\/v2\/pages\/728\/revisions"}],"predecessor-version":[{"id":1349,"href":"https:\/\/www.vmkydre.se\/index.php?rest_route=\/wp\/v2\/pages\/728\/revisions\/1349"}],"wp:attachment":[{"href":"https:\/\/www.vmkydre.se\/index.php?rest_route=%2Fwp%2Fv2%2Fmedia&parent=728"}],"curies":[{"name":"wp","href":"https:\/\/api.w.org\/{rel}","templated":true}]}}